{"id":814,"date":"2024-04-28T21:29:23","date_gmt":"2024-04-28T19:29:23","guid":{"rendered":"https:\/\/ezequiel-garcia-romeu.com\/?page_id=814"},"modified":"2026-04-23T15:06:26","modified_gmt":"2026-04-23T13:06:26","slug":"la-meridienne","status":"publish","type":"page","link":"https:\/\/ezequiel-garcia-romeu.com\/en\/la-meridienne\/","title":{"rendered":"La M\u00e9ridienne"},"content":{"rendered":"<div data-elementor-type=\"wp-page\" data-elementor-id=\"814\" class=\"elementor elementor-814\">\n\t\t\t\t\t\t<section class=\"elementor-section elementor-top-section elementor-element elementor-element-2d594ba elementor-section-boxed elementor-section-height-default elementor-section-height-default\" data-id=\"2d594ba\" data-element_type=\"section\" data-e-type=\"section\">\n\t\t\t\t\t\t<div class=\"elementor-container elementor-column-gap-default\">\n\t\t\t\t\t<div class=\"elementor-column elementor-col-100 elementor-top-column elementor-element elementor-element-28f8646\" data-id=\"28f8646\" data-element_type=\"column\" data-e-type=\"column\">\n\t\t\t<div class=\"elementor-widget-wrap elementor-element-populated\">\n\t\t\t\t\t\t<div class=\"elementor-element elementor-element-b3d79ae elementor-widget elementor-widget-heading\" data-id=\"b3d79ae\" data-element_type=\"widget\" data-e-type=\"widget\" data-widget_type=\"heading.default\">\n\t\t\t\t<div class=\"elementor-widget-container\">\n\t\t\t\t\t<h2 class=\"elementor-heading-title elementor-size-default\">La M\u00e9ridienne<\/h2>\t\t\t\t<\/div>\n\t\t\t\t<\/div>\n\t\t\t\t\t<\/div>\n\t\t<\/div>\n\t\t\t\t\t<\/div>\n\t\t<\/section>\n\t\t\t\t<section class=\"elementor-section elementor-top-section elementor-element elementor-element-528b29e elementor-section-boxed elementor-section-height-default elementor-section-height-default\" data-id=\"528b29e\" data-element_type=\"section\" data-e-type=\"section\">\n\t\t\t\t\t\t<div class=\"elementor-container elementor-column-gap-default\">\n\t\t\t\t\t<div class=\"elementor-column elementor-col-100 elementor-top-column elementor-element elementor-element-2cee8e2\" data-id=\"2cee8e2\" data-element_type=\"column\" data-e-type=\"column\">\n\t\t\t<div class=\"elementor-widget-wrap elementor-element-populated\">\n\t\t\t\t\t\t<div class=\"elementor-element elementor-element-2290832 elementor-widget elementor-widget-image\" data-id=\"2290832\" data-element_type=\"widget\" data-e-type=\"widget\" data-widget_type=\"image.default\">\n\t\t\t\t<div class=\"elementor-widget-container\">\n\t\t\t\t\t\t\t\t\t\t\t\t<figure class=\"wp-caption\">\n\t\t\t\t\t\t\t\t\t\t<img fetchpriority=\"high\" decoding=\"async\" width=\"800\" height=\"534\" src=\"https:\/\/ezequiel-garcia-romeu.com\/wp-content\/uploads\/2026\/04\/2026-01-24-La-Meridienne-Chicago-Internat.-Puppet-Fest.-RT-022-low-1024x683.jpg\" class=\"attachment-large size-large wp-image-4409\" alt=\"Th\u00e9\u00e2tre de la Massue - La M\u00e9ridienne \/ \u00a9Richard Termine\" srcset=\"https:\/\/ezequiel-garcia-romeu.com\/wp-content\/uploads\/2026\/04\/2026-01-24-La-Meridienne-Chicago-Internat.-Puppet-Fest.-RT-022-low-1024x683.jpg 1024w, https:\/\/ezequiel-garcia-romeu.com\/wp-content\/uploads\/2026\/04\/2026-01-24-La-Meridienne-Chicago-Internat.-Puppet-Fest.-RT-022-low-300x200.jpg 300w, https:\/\/ezequiel-garcia-romeu.com\/wp-content\/uploads\/2026\/04\/2026-01-24-La-Meridienne-Chicago-Internat.-Puppet-Fest.-RT-022-low-768x512.jpg 768w, https:\/\/ezequiel-garcia-romeu.com\/wp-content\/uploads\/2026\/04\/2026-01-24-La-Meridienne-Chicago-Internat.-Puppet-Fest.-RT-022-low-1536x1024.jpg 1536w, https:\/\/ezequiel-garcia-romeu.com\/wp-content\/uploads\/2026\/04\/2026-01-24-La-Meridienne-Chicago-Internat.-Puppet-Fest.-RT-022-low-18x12.jpg 18w, https:\/\/ezequiel-garcia-romeu.com\/wp-content\/uploads\/2026\/04\/2026-01-24-La-Meridienne-Chicago-Internat.-Puppet-Fest.-RT-022-low.jpg 1620w\" sizes=\"(max-width: 800px) 100vw, 800px\" \/>\t\t\t\t\t\t\t\t\t\t\t<figcaption class=\"widget-image-caption wp-caption-text\"><\/figcaption>\n\t\t\t\t\t\t\t\t\t\t<\/figure>\n\t\t\t\t\t\t\t\t\t<\/div>\n\t\t\t\t<\/div>\n\t\t\t\t<div class=\"elementor-element elementor-element-673aa33 elementor-widget__width-initial elementor-widget elementor-widget-text-editor\" data-id=\"673aa33\" data-element_type=\"widget\" data-e-type=\"widget\" data-widget_type=\"text-editor.default\">\n\t\t\t\t<div class=\"elementor-widget-container\">\n\t\t\t\t\t\t\t\t\t<p><span style=\"font-size: xx-small;\"> <b>Photo<\/b> Richard Termine \/ Festival International de Marionnettes de Chicago \u2013 2025<br \/><\/span><\/p>\t\t\t\t\t\t\t\t<\/div>\n\t\t\t\t<\/div>\n\t\t\t\t\t<\/div>\n\t\t<\/div>\n\t\t\t\t\t<\/div>\n\t\t<\/section>\n\t\t\t\t<section class=\"elementor-section elementor-top-section elementor-element elementor-element-2e41df2 elementor-section-boxed elementor-section-height-default elementor-section-height-default\" data-id=\"2e41df2\" data-element_type=\"section\" data-e-type=\"section\">\n\t\t\t\t\t\t<div class=\"elementor-container elementor-column-gap-default\">\n\t\t\t\t\t<div class=\"elementor-column elementor-col-100 elementor-top-column elementor-element elementor-element-00a36a6\" data-id=\"00a36a6\" data-element_type=\"column\" data-e-type=\"column\">\n\t\t\t<div class=\"elementor-widget-wrap elementor-element-populated\">\n\t\t\t\t\t\t<div class=\"elementor-element elementor-element-40af2eb elementor-widget elementor-widget-text-editor\" data-id=\"40af2eb\" data-element_type=\"widget\" data-e-type=\"widget\" data-widget_type=\"text-editor.default\">\n\t\t\t\t<div class=\"elementor-widget-container\">\n\t\t\t\t\t\t\t\t\t<p><i><span style=\"font-weight: 400;\">A show for one spectator and a microscopic puppet, La M\u00e9ridienne tells the story of the\u00a0<\/span><\/i><i><span style=\"font-weight: 400;\">the fragility of human thought in front of the passage of time.<\/span><\/i><\/p><p><span style=\"font-weight: 400;\">The audience is first gathered around a meal, then invited individually to leave the table to watch the performance alone.\u00a0<\/span><\/p><p><span style=\"font-weight: 400;\">Facing the sole spectator, a skylight; behind the skylight, the tiny curtain\u00a0<\/span><span style=\"font-weight: 400;\">stage. The puppet showman, invisible and tucked away in his theatre,\u00a0<\/span><span style=\"font-weight: 400;\">begins the narration of a silent parable. In three movements, he shows us the whole life of humanity: birth, life and its apprenticeships, then disappearance within the universe.<\/span><\/p><p><span style=\"font-weight: 400;\">It's as if everything is happening in a dream. This miniature seems to speak and transmit a message from the depths of the ages, and to act in the deepest recesses of the viewer's mind, where all these questions lie.<\/span><\/p><p><span style=\"font-weight: 400;\">Once everyone has received their share of representation, it will be up to them to transform their individual impressions into a collective memory before they leave.<\/span><\/p>\t\t\t\t\t\t\t\t<\/div>\n\t\t\t\t<\/div>\n\t\t\t\t<div class=\"elementor-element elementor-element-4951ede elementor-widget elementor-widget-eael-adv-accordion\" data-id=\"4951ede\" data-element_type=\"widget\" data-e-type=\"widget\" data-widget_type=\"eael-adv-accordion.default\">\n\t\t\t\t<div class=\"elementor-widget-container\">\n\t\t\t\t\t            <div class=\"eael-adv-accordion\" id=\"eael-adv-accordion-4951ede\" data-scroll-on-click=\"no\" data-scroll-speed=\"300\" data-accordion-id=\"4951ede\" data-accordion-type=\"accordion\" data-toogle-speed=\"300\">\n            <div class=\"eael-accordion-list\">\n\t\t\t\t\t<div id=\"distribution\" class=\"elementor-tab-title eael-accordion-header\" tabindex=\"0\" data-tab=\"1\" aria-controls=\"elementor-tab-content-7681\"><span class=\"eael-advanced-accordion-icon-closed\"><svg aria-hidden=\"true\" class=\"fa-accordion-icon e-font-icon-svg e-fas-plus\" viewbox=\"0 0 448 512\" xmlns=\"http:\/\/www.w3.org\/2000\/svg\"><path d=\"M416 208H272V64c0-17.67-14.33-32-32-32h-32c-17.67 0-32 14.33-32 32v144H32c-17.67 0-32 14.33-32 32v32c0 17.67 14.33 32 32 32h144v144c0 17.67 14.33 32 32 32h32c17.67 0 32-14.33 32-32V304h144c17.67 0 32-14.33 32-32v-32c0-17.67-14.33-32-32-32z\"><\/path><\/svg><\/span><span class=\"eael-advanced-accordion-icon-opened\"><svg aria-hidden=\"true\" class=\"fa-accordion-icon e-font-icon-svg e-fas-minus\" viewbox=\"0 0 448 512\" xmlns=\"http:\/\/www.w3.org\/2000\/svg\"><path d=\"M416 208H32c-17.67 0-32 14.33-32 32v32c0 17.67 14.33 32 32 32h384c17.67 0 32-14.33 32-32v-32c0-17.67-14.33-32-32-32z\"><\/path><\/svg><\/span><span class=\"eael-accordion-tab-title\">Casting<\/span><\/div><div id=\"elementor-tab-content-7681\" class=\"eael-accordion-content clearfix\" data-tab=\"1\" aria-labelledby=\"distribution\"><p>Design, direction, scenography, puppets: \u00c9z\u00e9quiel Garcia-Romeu<\/p><p>Acting and puppeteering: \u00c9z\u00e9quiel Garcia-Romeu, Javier Swedzky (for South America)<\/p><\/div>\n\t\t\t\t\t<\/div><div class=\"eael-accordion-list\">\n\t\t\t\t\t<div id=\"production-coproduction\" class=\"elementor-tab-title eael-accordion-header\" tabindex=\"0\" data-tab=\"2\" aria-controls=\"elementor-tab-content-7682\"><span class=\"eael-advanced-accordion-icon-closed\"><svg aria-hidden=\"true\" class=\"fa-accordion-icon e-font-icon-svg e-fas-plus\" viewbox=\"0 0 448 512\" xmlns=\"http:\/\/www.w3.org\/2000\/svg\"><path d=\"M416 208H272V64c0-17.67-14.33-32-32-32h-32c-17.67 0-32 14.33-32 32v144H32c-17.67 0-32 14.33-32 32v32c0 17.67 14.33 32 32 32h144v144c0 17.67 14.33 32 32 32h32c17.67 0 32-14.33 32-32V304h144c17.67 0 32-14.33 32-32v-32c0-17.67-14.33-32-32-32z\"><\/path><\/svg><\/span><span class=\"eael-advanced-accordion-icon-opened\"><svg aria-hidden=\"true\" class=\"fa-accordion-icon e-font-icon-svg e-fas-minus\" viewbox=\"0 0 448 512\" xmlns=\"http:\/\/www.w3.org\/2000\/svg\"><path d=\"M416 208H32c-17.67 0-32 14.33-32 32v32c0 17.67 14.33 32 32 32h384c17.67 0 32-14.33 32-32v-32c0-17.67-14.33-32-32-32z\"><\/path><\/svg><\/span><span class=\"eael-accordion-tab-title\">Production, co-production<\/span><\/div><div id=\"elementor-tab-content-7682\" class=\"eael-accordion-content clearfix\" data-tab=\"2\" aria-labelledby=\"production-coproduction\"><p>Production :<\/p><ul><li>Th\u00e9\u00e2tre de la Massue - \u00c9z\u00e9quiel Garcia-Romeu company<\/li><\/ul><p>\u00a0<\/p><p>Coproduction :<\/p><ul><li>Mus\u00e9e Calvet, Avignon.<\/li><\/ul><\/div>\n\t\t\t\t\t<\/div><div class=\"eael-accordion-list\">\n\t\t\t\t\t<div id=\"dossier-artistique\" class=\"elementor-tab-title eael-accordion-header\" tabindex=\"0\" data-tab=\"3\" aria-controls=\"elementor-tab-content-7683\"><span class=\"eael-advanced-accordion-icon-closed\"><svg aria-hidden=\"true\" class=\"fa-accordion-icon e-font-icon-svg e-fas-plus\" viewbox=\"0 0 448 512\" xmlns=\"http:\/\/www.w3.org\/2000\/svg\"><path d=\"M416 208H272V64c0-17.67-14.33-32-32-32h-32c-17.67 0-32 14.33-32 32v144H32c-17.67 0-32 14.33-32 32v32c0 17.67 14.33 32 32 32h144v144c0 17.67 14.33 32 32 32h32c17.67 0 32-14.33 32-32V304h144c17.67 0 32-14.33 32-32v-32c0-17.67-14.33-32-32-32z\"><\/path><\/svg><\/span><span class=\"eael-advanced-accordion-icon-opened\"><svg aria-hidden=\"true\" class=\"fa-accordion-icon e-font-icon-svg e-fas-minus\" viewbox=\"0 0 448 512\" xmlns=\"http:\/\/www.w3.org\/2000\/svg\"><path d=\"M416 208H32c-17.67 0-32 14.33-32 32v32c0 17.67 14.33 32 32 32h384c17.67 0 32-14.33 32-32v-32c0-17.67-14.33-32-32-32z\"><\/path><\/svg><\/span><span class=\"eael-accordion-tab-title\">Artistic Dossier<\/span><\/div><div id=\"elementor-tab-content-7683\" class=\"eael-accordion-content clearfix\" data-tab=\"3\" aria-labelledby=\"dossier-artistique\"><p><a href=\"https:\/\/ezequiel-garcia-romeu.com\/wp-content\/uploads\/2024\/08\/DossierMeridienne-numerique-FRA.pdf\" target=\"_blank\" rel=\"noopener\">Ouvrir le Dossier Artistique (fran\u00e7ais)<\/a><\/p><p><a href=\"https:\/\/ezequiel-garcia-romeu.com\/wp-content\/uploads\/2024\/08\/DossierMeridienne-numerique-ENG.pdf\" target=\"_blank\" rel=\"noopener\">Open the Artistic Dossier (English)<\/a><\/p><\/div>\n\t\t\t\t\t<\/div><div class=\"eael-accordion-list\">\n\t\t\t\t\t<div id=\"fiche-technique\" class=\"elementor-tab-title eael-accordion-header\" tabindex=\"0\" data-tab=\"4\" aria-controls=\"elementor-tab-content-7684\"><span class=\"eael-advanced-accordion-icon-closed\"><svg aria-hidden=\"true\" class=\"fa-accordion-icon e-font-icon-svg e-fas-plus\" viewbox=\"0 0 448 512\" xmlns=\"http:\/\/www.w3.org\/2000\/svg\"><path d=\"M416 208H272V64c0-17.67-14.33-32-32-32h-32c-17.67 0-32 14.33-32 32v144H32c-17.67 0-32 14.33-32 32v32c0 17.67 14.33 32 32 32h144v144c0 17.67 14.33 32 32 32h32c17.67 0 32-14.33 32-32V304h144c17.67 0 32-14.33 32-32v-32c0-17.67-14.33-32-32-32z\"><\/path><\/svg><\/span><span class=\"eael-advanced-accordion-icon-opened\"><svg aria-hidden=\"true\" class=\"fa-accordion-icon e-font-icon-svg e-fas-minus\" viewbox=\"0 0 448 512\" xmlns=\"http:\/\/www.w3.org\/2000\/svg\"><path d=\"M416 208H32c-17.67 0-32 14.33-32 32v32c0 17.67 14.33 32 32 32h384c17.67 0 32-14.33 32-32v-32c0-17.67-14.33-32-32-32z\"><\/path><\/svg><\/span><span class=\"eael-accordion-tab-title\">Technical Rider<\/span><\/div><div id=\"elementor-tab-content-7684\" class=\"eael-accordion-content clearfix\" data-tab=\"4\" aria-labelledby=\"fiche-technique\"><p><a href=\"https:\/\/ezequiel-garcia-romeu.com\/wp-content\/uploads\/2024\/06\/240606-La-Meridienne-Fiche-Technique-FR.pdf\" target=\"_blank\" rel=\"noopener\">Ouvrir la Fiche technique (fran\u00e7ais)<\/a><\/p><p><a href=\"https:\/\/ezequiel-garcia-romeu.com\/wp-content\/uploads\/2024\/06\/240606-La-Meridienne-Fiche-Technique-ENG.pdf\" target=\"_blank\" rel=\"noopener\">Open the Technical rider (English)<\/a><\/p><\/div>\n\t\t\t\t\t<\/div><div class=\"eael-accordion-list\">\n\t\t\t\t\t<div id=\"dossier-de-presse\" class=\"elementor-tab-title eael-accordion-header\" tabindex=\"0\" data-tab=\"5\" aria-controls=\"elementor-tab-content-7685\"><span class=\"eael-advanced-accordion-icon-closed\"><svg aria-hidden=\"true\" class=\"fa-accordion-icon e-font-icon-svg e-fas-plus\" viewbox=\"0 0 448 512\" xmlns=\"http:\/\/www.w3.org\/2000\/svg\"><path d=\"M416 208H272V64c0-17.67-14.33-32-32-32h-32c-17.67 0-32 14.33-32 32v144H32c-17.67 0-32 14.33-32 32v32c0 17.67 14.33 32 32 32h144v144c0 17.67 14.33 32 32 32h32c17.67 0 32-14.33 32-32V304h144c17.67 0 32-14.33 32-32v-32c0-17.67-14.33-32-32-32z\"><\/path><\/svg><\/span><span class=\"eael-advanced-accordion-icon-opened\"><svg aria-hidden=\"true\" class=\"fa-accordion-icon e-font-icon-svg e-fas-minus\" viewbox=\"0 0 448 512\" xmlns=\"http:\/\/www.w3.org\/2000\/svg\"><path d=\"M416 208H32c-17.67 0-32 14.33-32 32v32c0 17.67 14.33 32 32 32h384c17.67 0 32-14.33 32-32v-32c0-17.67-14.33-32-32-32z\"><\/path><\/svg><\/span><span class=\"eael-accordion-tab-title\">Press kit<\/span><\/div><div id=\"elementor-tab-content-7685\" class=\"eael-accordion-content clearfix\" data-tab=\"5\" aria-labelledby=\"dossier-de-presse\"><p><a href=\"https:\/\/ezequiel-garcia-romeu.com\/wp-content\/uploads\/2024\/04\/presse-meridienne.pdf\" target=\"_blank\" rel=\"noopener\">Open the press kit<\/a><\/p><\/div>\n\t\t\t\t\t<\/div><div class=\"eael-accordion-list\">\n\t\t\t\t\t<div id=\"reprsentations\" class=\"elementor-tab-title eael-accordion-header\" tabindex=\"0\" data-tab=\"6\" aria-controls=\"elementor-tab-content-7686\"><span class=\"eael-advanced-accordion-icon-closed\"><svg aria-hidden=\"true\" class=\"fa-accordion-icon e-font-icon-svg e-fas-plus\" viewbox=\"0 0 448 512\" xmlns=\"http:\/\/www.w3.org\/2000\/svg\"><path d=\"M416 208H272V64c0-17.67-14.33-32-32-32h-32c-17.67 0-32 14.33-32 32v144H32c-17.67 0-32 14.33-32 32v32c0 17.67 14.33 32 32 32h144v144c0 17.67 14.33 32 32 32h32c17.67 0 32-14.33 32-32V304h144c17.67 0 32-14.33 32-32v-32c0-17.67-14.33-32-32-32z\"><\/path><\/svg><\/span><span class=\"eael-advanced-accordion-icon-opened\"><svg aria-hidden=\"true\" class=\"fa-accordion-icon e-font-icon-svg e-fas-minus\" viewbox=\"0 0 448 512\" xmlns=\"http:\/\/www.w3.org\/2000\/svg\"><path d=\"M416 208H32c-17.67 0-32 14.33-32 32v32c0 17.67 14.33 32 32 32h384c17.67 0 32-14.33 32-32v-32c0-17.67-14.33-32-32-32z\"><\/path><\/svg><\/span><span class=\"eael-accordion-tab-title\">Representations<\/span><\/div><div id=\"elementor-tab-content-7686\" class=\"eael-accordion-content clearfix\" data-tab=\"6\" aria-labelledby=\"reprsentations\"><p>\n    <div class=\"accordion-container\">\n                    <div class=\"accordion-item\">\n                <button class=\"accordion-header\">2026<\/button>\n                <div class=\"accordion-content\">\n                    <ul class=\"events-list\"><li class=\"event-item\"><a href=\"https:\/\/ezequiel-garcia-romeu.com\/en\/event\/representations-la-meridienne-festival-international-de-theatre-de-marionnettes-de-chicago-wicker-park-etats-unis\/\">Performances : La M\u00e9ridienne - Chicago International Puppet Theater Festival, Wicker Park, USA<\/a> <span class=\"event-date\">(22 January 2026)<\/span><\/li><\/ul>                <\/div>\n            <\/div>\n                    <div class=\"accordion-item\">\n                <button class=\"accordion-header\">2024<\/button>\n                <div class=\"accordion-content\">\n                    <ul class=\"events-list\"><li class=\"event-item\"><a href=\"https:\/\/ezequiel-garcia-romeu.com\/en\/event\/la-meridienne\/\">Performances : La M\u00e9ridienne - Season opening 2024-2025 of the Francis Gag Theatre, Nice, France<\/a> <span class=\"event-date\">(27 September 2024)<\/span><\/li><\/ul>                <\/div>\n            <\/div>\n                    <div class=\"accordion-item\">\n                <button class=\"accordion-header\">2022<\/button>\n                <div class=\"accordion-content\">\n                    <ul class=\"events-list\"><li class=\"event-item\"><a href=\"https:\/\/ezequiel-garcia-romeu.com\/en\/event\/representations-la-meridienne-festival-santiago-a-mil-amphitheatre-bellas-artes-santiago-chili\/\">Performances : La M\u00e9ridienne - Festival Santiago a Mil, Amphitheatre Bellas Artes, Santiago, Chile<\/a> <span class=\"event-date\">(11 January 2022)<\/span><\/li><li class=\"event-item\"><a href=\"https:\/\/ezequiel-garcia-romeu.com\/en\/event\/representations-la-meridienne-festival-international-de-buenos-aires-fiba-hasta-trilce-argentine\/\">Performances : La M\u00e9ridienne - Festival International de Buenos Aires (FIBA), Hasta Trilce, Argentina<\/a> <span class=\"event-date\">(1 March 2022)<\/span><\/li><li class=\"event-item\"><a href=\"https:\/\/ezequiel-garcia-romeu.com\/en\/event\/representations-la-meridienne-festival-international-des-arts-sceniques-fidea-auditorium-vaz-ferreira-montevideo-uruguay\/\">Performances : La M\u00e9ridienne - Festival International des Arts Sc\u00e9niques (FIDAE), Auditorium Vaz Ferreira &amp; Centre Culturel MEM, Montevideo, Uruguay<\/a> <span class=\"event-date\">(5 October 2022)<\/span><\/li><\/ul>                <\/div>\n            <\/div>\n                    <div class=\"accordion-item\">\n                <button class=\"accordion-header\">2021<\/button>\n                <div class=\"accordion-content\">\n                    <ul class=\"events-list\"><li class=\"event-item\"><a href=\"https:\/\/ezequiel-garcia-romeu.com\/en\/event\/representations-la-meridienne-festival-volkov-theatre-volkov-yaroslavl-russie\/\">Performances : La M\u00e9ridienne - Volkov Festival, Volkov Theatre, Yaroslavl, Russia<\/a> <span class=\"event-date\">(4 July 2021)<\/span><\/li><\/ul>                <\/div>\n            <\/div>\n                    <div class=\"accordion-item\">\n                <button class=\"accordion-header\">2019<\/button>\n                <div class=\"accordion-content\">\n                    <ul class=\"events-list\"><li class=\"event-item\"><a href=\"https:\/\/ezequiel-garcia-romeu.com\/en\/event\/representations-la-meridienne-festival-kult-usti-nad-labem-tchequie\/\">Performances : La M\u00e9ridienne - Festival KULT, \u00dast\u00ed nad Labem, Czech Republic<\/a> <span class=\"event-date\">(20 September 2019)<\/span><\/li><li class=\"event-item\"><a href=\"https:\/\/ezequiel-garcia-romeu.com\/en\/event\/representations-la-meridienne-festival-court-toujours-nest-nord-est-theatre-thionville\/\">Performances : La M\u00e9ridienne - Festival Court Toujours, NEST Nord-Est Th\u00e9\u00e2tre, Thionville<\/a> <span class=\"event-date\">(27 September 2019)<\/span><\/li><\/ul>                <\/div>\n            <\/div>\n                    <div class=\"accordion-item\">\n                <button class=\"accordion-header\">2018<\/button>\n                <div class=\"accordion-content\">\n                    <ul class=\"events-list\"><li class=\"event-item\"><a href=\"https:\/\/ezequiel-garcia-romeu.com\/en\/event\/representations-la-meridienne-festival-zoran-radmilovic-zajecar-serbie\/\">Performances : La M\u00e9ridienne - Festival Zoran Radmilovi\u0107, Zaje\u010dar, Serbia<\/a> <span class=\"event-date\">(5 June 2018)<\/span><\/li><li class=\"event-item\"><a href=\"https:\/\/ezequiel-garcia-romeu.com\/en\/event\/representations-la-meridienne-plovdiv-capital-europeenne-de-la-culture-bulgarie\/\">Performances : La M\u00e9ridienne - Plovdiv European Capital of Culture, Bulgaria<\/a> <span class=\"event-date\">(17 June 2018)<\/span><\/li><li class=\"event-item\"><a href=\"https:\/\/ezequiel-garcia-romeu.com\/en\/event\/representations-la-meridienne-festival-jeune-public-de-sibenik-croatie\/\">Performances : La M\u00e9ridienne - Festival Jeune Public de \u0160ibenik, Croatia<\/a> <span class=\"event-date\">(4 July 2018)<\/span><\/li><li class=\"event-item\"><a href=\"https:\/\/ezequiel-garcia-romeu.com\/en\/event\/representations-la-meridienne-festival-de-marionnettes-de-zadar-croatie\/\">Performances : La M\u00e9ridienne - Zadar Puppet Festival, Croatia<\/a> <span class=\"event-date\">(7 October 2018)<\/span><\/li><li class=\"event-item\"><a href=\"https:\/\/ezequiel-garcia-romeu.com\/en\/event\/representations-la-meridienne-centre-federico-garcia-lorca-grenade-espagne\/\">Performances : La M\u00e9ridienne - Federico Garcia-Lorca Centre, Granada, Spain<\/a> <span class=\"event-date\">(28 October 2018)<\/span><\/li><\/ul>                <\/div>\n            <\/div>\n                    <div class=\"accordion-item\">\n                <button class=\"accordion-header\">2016<\/button>\n                <div class=\"accordion-content\">\n                    <ul class=\"events-list\"><li class=\"event-item\"><a href=\"https:\/\/ezequiel-garcia-romeu.com\/en\/event\/representations-la-meridienne-complexe-theatral-raquel-revuelta-matanzas-cuba\/\">Performances : La M\u00e9ridienne - Raquel Revuelta Theatre Complex, Matanzas, Cuba<\/a> <span class=\"event-date\">(16 April 2016)<\/span><\/li><li class=\"event-item\"><a href=\"https:\/\/ezequiel-garcia-romeu.com\/en\/event\/representations-la-meridienne-theatre-national-de-guignol-la-havane-cuba\/\">Performances : La M\u00e9ridienne - National Punch Theatre, Havana, Cuba<\/a> <span class=\"event-date\">(1 October 2016)<\/span><\/li><\/ul>                <\/div>\n            <\/div>\n            <\/div>\n\n    <style>\n    .accordion-container {\n        font-family: 'IBM Plex Sans', sans-serif;\n    }\n    .accordion-header {\n        width: 100%;\n        text-align: left;\n        background: #fff;\n        color: #000;\n        border: 1px solid #000;\n        padding: 12px 16px;\n        margin: 4px 0;\n        cursor: pointer;\n        font-size: 16px;\n        transition: all 0.3s ease;\n    }\n    .accordion-header.active {\n        background: #475976;\n        color: #fff;\n        border: none;\n    }\n    .accordion-content {\n        display: none;\n        padding: 10px 15px;\n        border-left: 1px solid #ccc;\n        border-right: 1px solid #ccc;\n        border-bottom: 1px solid #ccc;\n    }\n    .accordion-content ul.events-list {\n        list-style: none;\n        margin: 0;\n        padding: 0;\n    }\n    .accordion-content li.event-item {\n        margin: 5px 0;\n    }\n    .accordion-content li.event-item a {\n        color: #475976;\n        text-decoration: none;\n        font-weight: 500;\n    }\n    .accordion-content li.event-item a:hover {\n        text-decoration: underline;\n    }\n    <\/style>\n\n<script>\n(function(){\n  const container = document.querySelector('.accordion-container');\n  if (!container) return;\n\n  container.addEventListener('click', function(e){\n    const btn = e.target.closest('.accordion-header');\n    if (!btn) return;\n\n    const panel = btn.nextElementSibling;\n    if (!panel) return;\n\n    const isActive = btn.classList.contains('active');\n\n    \/\/ fermer tous les autres panneaux\n    container.querySelectorAll('.accordion-header').forEach(h => {\n      if (h !== btn) {\n        h.classList.remove('active');\n        const p = h.nextElementSibling;\n        if (p) {\n          p.style.maxHeight = null;\n          p.style.display = 'none';\n        }\n      }\n    });\n\n    if (!isActive) {\n        \/\/ ouvrir le panneau cliqu\u00e9\n        btn.classList.add('active');\n        panel.style.display = 'block';\n        panel.style.maxHeight = panel.scrollHeight + 'px';\n\n        \/\/ scroll sous le header fixe\n        const header = document.querySelector('header');\n        const headerHeight = header ? header.offsetHeight : 220; \/\/ fallback\n        const extraOffset = 10;\n        const btnPosition = btn.getBoundingClientRect().top + window.pageYOffset;\n        window.scrollTo({\n            top: btnPosition - headerHeight - extraOffset,\n            behavior: 'smooth'\n        });\n    } else {\n        \/\/ fermer le panneau cliqu\u00e9\n        btn.classList.remove('active');\n        panel.style.maxHeight = null;\n        panel.style.display = 'none';\n    }\n  });\n})();\n<\/script>\n\n    <\/p><\/div>\n\t\t\t\t\t<\/div><\/div>\t\t\t\t<\/div>\n\t\t\t\t<\/div>\n\t\t\t\t<div class=\"elementor-element elementor-element-5b63f88 elementor-widget elementor-widget-video\" data-id=\"5b63f88\" data-element_type=\"widget\" data-e-type=\"widget\" data-settings=\"{&quot;youtube_url&quot;:&quot;https:\\\/\\\/www.youtube.com\\\/watch?v=qQj9e18wT80&quot;,&quot;video_type&quot;:&quot;youtube&quot;,&quot;controls&quot;:&quot;yes&quot;}\" data-widget_type=\"video.default\">\n\t\t\t\t<div class=\"elementor-widget-container\">\n\t\t\t\t\t\t\t<div class=\"elementor-wrapper elementor-open-inline\">\n\t\t\t<div class=\"elementor-video\"><\/div>\t\t<\/div>\n\t\t\t\t\t\t<\/div>\n\t\t\t\t<\/div>\n\t\t\t\t\t<\/div>\n\t\t<\/div>\n\t\t\t\t\t<\/div>\n\t\t<\/section>\n\t\t\t\t<\/div>","protected":false},"excerpt":{"rendered":"<p>La M\u00e9ridienne Photo Richard Termine \/ Festival International de Marionnettes de Chicago \u2013 2025 Spectacle pour un spectateur et marionnette microscopique, La M\u00e9ridienne raconte la\u00a0fragilit\u00e9 de la pens\u00e9e humaine face [&hellip;]<\/p>\n","protected":false},"author":1,"featured_media":0,"parent":0,"menu_order":0,"comment_status":"closed","ping_status":"closed","template":"","meta":{"footnotes":""},"class_list":["post-814","page","type-page","status-publish","hentry"],"_links":{"self":[{"href":"https:\/\/ezequiel-garcia-romeu.com\/en\/wp-json\/wp\/v2\/pages\/814","targetHints":{"allow":["GET"]}}],"collection":[{"href":"https:\/\/ezequiel-garcia-romeu.com\/en\/wp-json\/wp\/v2\/pages"}],"about":[{"href":"https:\/\/ezequiel-garcia-romeu.com\/en\/wp-json\/wp\/v2\/types\/page"}],"author":[{"embeddable":true,"href":"https:\/\/ezequiel-garcia-romeu.com\/en\/wp-json\/wp\/v2\/users\/1"}],"replies":[{"embeddable":true,"href":"https:\/\/ezequiel-garcia-romeu.com\/en\/wp-json\/wp\/v2\/comments?post=814"}],"version-history":[{"count":127,"href":"https:\/\/ezequiel-garcia-romeu.com\/en\/wp-json\/wp\/v2\/pages\/814\/revisions"}],"predecessor-version":[{"id":4447,"href":"https:\/\/ezequiel-garcia-romeu.com\/en\/wp-json\/wp\/v2\/pages\/814\/revisions\/4447"}],"wp:attachment":[{"href":"https:\/\/ezequiel-garcia-romeu.com\/en\/wp-json\/wp\/v2\/media?parent=814"}],"curies":[{"name":"wp","href":"https:\/\/api.w.org\/{rel}","templated":true}]}}